{"id":43797,"date":"2018-12-17T08:57:32","date_gmt":"2018-12-17T07:57:32","guid":{"rendered":"https:\/\/b4k.se\/product\/stem-cell-phyto-elite-intensive-mask\/"},"modified":"2026-03-11T11:42:35","modified_gmt":"2026-03-11T10:42:35","slug":"stem-cell-phyto-elite-intensive-mask","status":"publish","type":"product","link":"https:\/\/b4k.se\/no\/produkt\/stem-cell-phyto-elite-intensive-mask\/","title":{"rendered":"Stem Cell Phyto-Elite Intensive Mask"},"content":{"rendered":"<p>Salongsf\u00f6rpackning p\u00e5 100ml av Stem Cell Phyto-Elite Intensive Mask.<\/p>\n<p>Anv\u00e4ndning:<\/p>\n<p>Anv\u00e4nd som en del av Stem Cells Phyto-Elite\u00ae-behandling eller i slutet av annan behandling f\u00f6r mogen hud.<\/p>\n<ol>\n<li>Applicera masken p\u00e5 ansikte och hals, 1 \u00bd cm fr\u00e5n \u00f6gonomr\u00e5det. L\u00e5t verka i 10 minuter.<\/li>\n<li>Avl\u00e4gsna masken med kallt vatten.<\/li>\n<li>F\u00f6lj upp med All Skin Types Lotion och sedan Stem Cells Phyto-Elite\u00ae Intensive Cream.<\/li>\n<\/ol>\n","protected":false},"excerpt":{"rendered":"<p><strong>Salongsf\u00f6rpackning p\u00e5 100ml av Stem Cell Phyto-Elite Intensive Mask.<\/strong><\/p>\n<p>Med den f\u00f6rsta blandningen n\u00e5gonsin av stamceller fr\u00e5n argan och vall\u00f6rt b\u00f6rjar denna maskens superladdade anti-aging-\u00e4mnen arbeta fr\u00e5n den allra f\u00f6rsta applikationen. Masken minskar linjer och rynkdjup samt ger en mjukare hudyta och l\u00e5ngsiktigt skydd fr\u00e5n hudens naturligt reparerande stamceller. Med kraften fr\u00e5n en banbrytande dubbel v\u00e4xtstamcells-formula, samt viktiga reparerings\u00e4mnen som sheasm\u00f6r och aloe vera, ger denna \u00e5ldrande mask reparerande, f\u00f6ryngrande och \u00e5terfuktande f\u00f6rdelar till huden.<\/p>\n","protected":false},"featured_media":43798,"template":"","meta":[],"product_brand":[],"product_cat":[287,301,296,300],"product_tag":[],"class_list":{"0":"post-43797","1":"product","2":"type-product","3":"status-publish","4":"has-post-thumbnail","6":"product_cat-alla-produkter","7":"product_cat-ansikte-professional","8":"product_cat-pevonia-2","9":"product_cat-professional","11":"first","12":"instock","13":"taxable","14":"shipping-taxable","15":"purchasable","16":"product-type-simple"},"shsp-ext":{"main":{},"variations":[]},"_links":{"self":[{"href":"https:\/\/b4k.se\/no\/wp-json\/wp\/v2\/product\/43797","targetHints":{"allow":["GET"]}}],"collection":[{"href":"https:\/\/b4k.se\/no\/wp-json\/wp\/v2\/product"}],"about":[{"href":"https:\/\/b4k.se\/no\/wp-json\/wp\/v2\/types\/product"}],"wp:featuredmedia":[{"embeddable":true,"href":"https:\/\/b4k.se\/no\/wp-json\/wp\/v2\/media\/43798"}],"wp:attachment":[{"href":"https:\/\/b4k.se\/no\/wp-json\/wp\/v2\/media?parent=43797"}],"wp:term":[{"taxonomy":"product_brand","embeddable":true,"href":"https:\/\/b4k.se\/no\/wp-json\/wp\/v2\/product_brand?post=43797"},{"taxonomy":"product_cat","embeddable":true,"href":"https:\/\/b4k.se\/no\/wp-json\/wp\/v2\/product_cat?post=43797"},{"taxonomy":"product_tag","embeddable":true,"href":"https:\/\/b4k.se\/no\/wp-json\/wp\/v2\/product_tag?post=43797"}],"curies":[{"name":"wp","href":"https:\/\/api.w.org\/{rel}","templated":true}]}}